{"id":21666,"date":"2015-06-17T16:51:09","date_gmt":"2015-06-17T14:51:09","guid":{"rendered":"http:\/\/www.icac.cat\/es\/difusion\/programa-de-radio\/"},"modified":"2025-02-20T18:41:16","modified_gmt":"2025-02-20T17:41:16","slug":"toquem-pedra","status":"publish","type":"page","link":"https:\/\/icac.cat\/es\/difusion\/toquem-pedra\/","title":{"rendered":"Programa de radio"},"content":{"rendered":"<p>El programa <em><strong>Toquem pedra!<\/strong><\/em>\u00a0(\u201ctocando piedra\u201d, en catal\u00e1n) sobre arqueolog\u00eda cl\u00e1sica repite temporada en la parrilla de\u00a0<a href=\"https:\/\/www.tarragonaradio.cat\/zona-podcast-tots-els-podcasts-de-tarragona-radio\/\" target=\"_blank\" rel=\"noopener\">Tarragona Radio<\/a>. El programa se concibe como\u00a0<strong>un espacio de divulgaci\u00f3n cient\u00edfica<\/strong> sobre arqueolog\u00eda cl\u00e1sica a partir del conocimiento y la investigaci\u00f3n que desarrollamos en el ICAC, con especial inciso en el patrimonio hist\u00f3rico y cultural de Tarragona.<\/p>\n<p>Desde 2020, se trata de una<strong> nueva edici\u00f3n del programa<\/strong>, que se hab\u00eda emitido en la misma emisora de radio durante varias temporadas entre 2013 y 2017. Desde la temporada 2022-2023, el programa pasa a formar parte del magazine matutino conducido por el periodista Pep Suny\u00e9.<\/p>\n<p>Pod\u00e9is recuperar los episodios en el<a href=\"https:\/\/www.tarragonaradio.cat\/zona-podcast-tots-els-podcasts-de-tarragona-radio\/\" target=\"_blank\" rel=\"noopener\"> espacio podcast de Tarragona R\u00e0dio<\/a> y en Spotify: <a href=\"https:\/\/open.spotify.com\/show\/2DWthSJoVghgaO5LRfw1uN\">Toquem Pedra. El podcast de l\u2019arqueologia cl\u00e0ssica, amb l\u2019ICAC &#8211; Tarragona R\u00e0dio | Podcast on Spotify<\/a><\/p>\n<p><img loading=\"lazy\" class=\"aligncenter size-medium wp-image-98057\" src=\"https:\/\/icac.cat\/wp-content\/uploads\/2025\/02\/Toquem-Pedra_cartell-quadrat_logo-2024-400x400.jpg\" alt=\"\" width=\"400\" height=\"400\" srcset=\"https:\/\/icac.cat\/wp-content\/uploads\/2025\/02\/Toquem-Pedra_cartell-quadrat_logo-2024-400x400.jpg 400w, https:\/\/icac.cat\/wp-content\/uploads\/2025\/02\/Toquem-Pedra_cartell-quadrat_logo-2024-1024x1024.jpg 1024w, https:\/\/icac.cat\/wp-content\/uploads\/2025\/02\/Toquem-Pedra_cartell-quadrat_logo-2024-120x120.jpg 120w, https:\/\/icac.cat\/wp-content\/uploads\/2025\/02\/Toquem-Pedra_cartell-quadrat_logo-2024-768x768.jpg 768w, https:\/\/icac.cat\/wp-content\/uploads\/2025\/02\/Toquem-Pedra_cartell-quadrat_logo-2024.jpg 1500w\" sizes=\"(max-width: 400px) 100vw, 400px\" \/><\/p>\n<p>&nbsp;<\/p>\n<hr \/>\n<h6>Temporada 2023-2024:<\/h6>\n<ul>\n<li>N\u00fam. 107 (03\/12\/2024). <a href=\"https:\/\/open.spotify.com\/episode\/1o1B20aiFc3OQhP2yS2aP7\" target=\"_blank\" rel=\"noopener\">\u00ab20 anys d&#8217;excavacions a la Catedral i 17 bilions de punts de digitalizaci\u00f3 cartogr\u00e0fica\u00bb<\/a>. Descubre el proyecto de digitalizaci\u00f3n de la Catedral de Tarragona con el investigador del ICAC Josep Maria Macias (MIRMED) y el profesor e investigador de la ETSA-URV, Agust\u00ed Costa.<\/li>\n<\/ul>\n<p><iframe loading=\"lazy\" style=\"border-radius: 12px;\" src=\"https:\/\/open.spotify.com\/embed\/episode\/1o1B20aiFc3OQhP2yS2aP7?utm_source=generator\" width=\"100%\" height=\"352\" frameborder=\"0\" allowfullscreen=\"allowfullscreen\" data-mce-fragment=\"1\"><\/iframe><\/p>\n<p>&nbsp;<\/p>\n<ul>\n<li>N\u00fam. 106 (24\/10\/2024). <a href=\"https:\/\/open.spotify.com\/episode\/0Xz3lD8P9QuZKRnhQEUD2u\" target=\"_blank\" rel=\"noopener\">\u00abEls Matins de la Recerca\u00bb. Dels laboratoris a les aules<\/a>. Hablando de los fenicios y los \u00edberos conoceremos dos investigadores del equipo de Protohistoria del ICAC, Maria Anguera y David Montanero. \u00bfC\u00f3mo se preparan para divulgar y conseguir que la investigaci\u00f3n salga de los laboratorios para llegar a las escuelas?<\/li>\n<\/ul>\n<p><iframe loading=\"lazy\" style=\"border-radius: 12px;\" src=\"https:\/\/open.spotify.com\/embed\/episode\/0Xz3lD8P9QuZKRnhQEUD2u?utm_source=generator\" width=\"100%\" height=\"352\" frameborder=\"0\" allowfullscreen=\"allowfullscreen\" data-mce-fragment=\"1\"><\/iframe><\/p>\n<p>&nbsp;<\/p>\n<ul>\n<li>N\u00fam. 105 (05\/08\/2024). <a href=\"https:\/\/open.spotify.com\/episode\/695XtbJTjWzl6XCklgOWGo\" target=\"_blank\" rel=\"noopener\">\u00abTarragona versus Toledo. Hist\u00f2ria d&#8217;un conflicte eclesi\u00e0stic a l&#8217;Edat Mitjana\u00bb<\/a>. \u00a1Un #ToquemPedra bien especial! Con la participaci\u00f3n del estudiante en pr\u00e1cticas de la UOC Josemi Martin, acompa\u00f1ado del investigador predoctoral Andreu Mu\u00f1oz Virgili (MIRMED).<\/li>\n<\/ul>\n<p><iframe loading=\"lazy\" style=\"border-radius: 12px;\" src=\"https:\/\/open.spotify.com\/embed\/episode\/695XtbJTjWzl6XCklgOWGo?utm_source=generator\" width=\"100%\" height=\"352\" frameborder=\"0\" allowfullscreen=\"allowfullscreen\" data-mce-fragment=\"1\"><\/iframe><\/p>\n<p>&nbsp;<\/p>\n<ul>\n<li>N\u00fam. 104 (10\/04\/2024). <a href=\"https:\/\/open.spotify.com\/episode\/2UIVE3vicoi1xLdY5IvlmN\" target=\"_blank\" rel=\"noopener\">\u00abConeguem les roques de la Part Alta de Tarragona\u00bb<\/a>. Con Marie-Claire Savin y Jordi Oliver, de la Unidad de Estudios Arqueom\u00e9tricos (UEA) del ICAC, hemos hecho un recorrido por las rocas de la Part Alta de Tarragona. Os hemos presentado as\u00ed un recurso pedag\u00f3gico a partir de una actividad de divulgaci\u00f3n para conocer el patrimonio romano de T\u00e1rraco, centrado en el tipo de piedra y m\u00e1rmol, y los vestigios diversos que hay por la ciudad de Tarragona.<\/li>\n<\/ul>\n<p><iframe loading=\"lazy\" style=\"border-radius: 12px;\" src=\"https:\/\/open.spotify.com\/embed\/episode\/2UIVE3vicoi1xLdY5IvlmN?utm_source=generator\" width=\"100%\" height=\"352\" frameborder=\"0\" allowfullscreen=\"allowfullscreen\" data-mce-fragment=\"1\"><\/iframe><\/p>\n<p>Aquest cap\u00edtol est\u00e0 tamb\u00e9 disponible en v\u00eddeo, a Youtube!<\/p>\n<p><iframe loading=\"lazy\" title=\"YouTube video player\" src=\"https:\/\/www.youtube.com\/embed\/IqLR2sKyWbI?si=KrJbJgQJvkoKKG3T\" width=\"560\" height=\"315\" frameborder=\"0\" allowfullscreen=\"allowfullscreen\" data-mce-fragment=\"1\"><\/iframe><\/p>\n<p>&nbsp;<\/p>\n<ul>\n<li>N\u00fam. 103 (25\/01\/2024). <a href=\"https:\/\/open.spotify.com\/episode\/0QPQX54s8NHAyS3cOF4Iwt\" target=\"_blank\" rel=\"noopener\">Nou itinerari arqueol\u00f2gic a la Catedral de Tarragona per a entendre el potencial de l&#8217;acr\u00f2polis de T\u00e0rraco<\/a>. La Catedral de Tarragona estrena un nou itinerari arqueol\u00f2gic que permet entendre tota l\u2019evoluci\u00f3 i potencial de l\u2019Acr\u00f2polis de Tarraco i com va condicionar arquitect\u00f2nicament les \u00e8poques posteriors.<\/li>\n<\/ul>\n<p style=\"padding-left: 40px;\"><iframe loading=\"lazy\" style=\"border-radius: 12px;\" src=\"https:\/\/open.spotify.com\/embed\/episode\/0QPQX54s8NHAyS3cOF4Iwt?utm_source=generator\" width=\"100%\" height=\"352\" frameborder=\"0\" allowfullscreen=\"allowfullscreen\" data-mce-fragment=\"1\"><\/iframe><\/p>\n<p>&nbsp;<\/p>\n<ul>\n<li>N\u00fam. 102 (13\/12\/2023). <a href=\"https:\/\/open.spotify.com\/episode\/4tBJorlp77wauNatdZxRb1\" target=\"_blank\" rel=\"noopener\">Encetem la nova temporada amb l&#8217;exposici\u00f3 Arqueosexisme<\/a>. Hem encetat una nova temporada del \u2018Toquem pedra\u2019, l\u2019espai de divulgaci\u00f3 sobre arqueologia cl\u00e0ssica al programa \u2018La Veu de Tarragona\u2019, amb l\u2019Institut Catal\u00e0 d\u2019Arqueologia Cl\u00e0ssica (ICAC-CERCA). Amb m\u00e9s d\u2019una d\u00e8cada i mitja d\u2019hist\u00f2ria a la graella de l\u2019emissora municipal, hem encetat l\u2019espai parlant de l\u2019exposici\u00f3 itinerant i programa \u00abArcheosexisme\u00bb, que s\u2019ha inaugurat a Tarragona (CRAI del Campus Catalunta) per primer cop a l\u2019estat, provinent de Fran\u00e7a.<br \/>\nUna iniciativa de l\u2019ICAC-CERCA en col\u00b7laboraci\u00f3 amb la Unitat d\u2019Igualtat de la URV, que han impulsat aquest projecte de sensibilitzaci\u00f3. Arriba per primer cop a Catalunya i a l\u2019Estat l\u2019exposici\u00f3 itinerant \u00abArcheosexisme\u00bb, que van crear, a Fran\u00e7a, l&#8217;Associaci\u00f3 Arch\u00e9o-\u00c9thique i el projecte Paye ta Truelle el 2019.N\u2019hem parlat amb Lydia Gil, responsable del centre de documentaci\u00f3 i biblioteca de l&#8217;ICAC, i tamb\u00e9 responsable de l&#8217;estrat\u00e8gia de ci\u00e8ncia oberta; amb L\u00eddia Colominas, investigadora Ram\u00f3n y Cajal al grup de recerca GIAP, \u00a0i amb Alfredo Mayoral, investigador postdoctoral Juan de la Cierva tamb\u00e9 al GIAP, especialista en geoarqueologia.<\/li>\n<\/ul>\n<p style=\"padding-left: 40px;\"><iframe loading=\"lazy\" style=\"border-radius: 12px;\" src=\"https:\/\/open.spotify.com\/embed\/episode\/4tBJorlp77wauNatdZxRb1?utm_source=generator\" width=\"100%\" height=\"352\" frameborder=\"0\" allowfullscreen=\"allowfullscreen\" data-mce-fragment=\"1\"><\/iframe><\/p>\n<p>&nbsp;<\/p>\n<p>&nbsp;<\/p>\n<hr \/>\n<h6>Temporada 2022-2023:<\/h6>\n<ul>\n<li>N\u00fam. 101 (12\/06\/2023). <a href=\"https:\/\/icac.cat\/difusio\/activitats-de-licac\/agenda\/toquem-pedra-6\/\">Los ingredientes invisibles de la arquitectura en el final de la prehistoria<\/a>. Con <a href=\"https:\/\/icac.cat\/qui-som\/personal\/mpastor\/\">Mar\u00eda Pastor<\/a> (UA-ICAC) y <a href=\"https:\/\/icac.cat\/qui-som\/personal\/mmateu\/\">Marta Mateu<\/a>, investigadora Beatriu de Pin\u00f3s en el grup MIRMED del ICAC.<\/li>\n<\/ul>\n<p style=\"padding-left: 40px;\">\u00a1Escucha el podcast en Tarragona Radio! <a href=\"https:\/\/open.spotify.com\/episode\/7zJtSnhQO37pDP2lZYHypo\" target=\"_blank\" rel=\"noopener\"><strong>L&#8217;arquitectura en els \u00faltims anys de la prehist\u00f2ria i principis de la protohist\u00f2ria<\/strong><\/a>.<\/p>\n<p>&nbsp;<\/p>\n<ul>\n<li>N\u00fam. 100 (15\/05\/2023). <a href=\"https:\/\/open.spotify.com\/episode\/20Y2DvmUQMAaKKjgERT0r6\" target=\"_blank\" rel=\"noopener\">Las biograf\u00edas ocultas en las paredes de Tarragona<\/a>. Con <a href=\"https:\/\/icac.cat\/qui-som\/personal\/dgorostidi\/\">Diana Gorostidi<\/a> (URV-ICAC), profesora de la URV e investigadora del grupo ArPA del ICAC.<\/li>\n<\/ul>\n<p style=\"padding-left: 40px;\">\u00a1Escucha el podcast en Tarragona R\u00e0dio! <a href=\"https:\/\/open.spotify.com\/episode\/20Y2DvmUQMAaKKjgERT0r6\" target=\"_blank\" rel=\"noopener\">Diana Gorostidi: \u00abT\u00e0rraco t\u00e9 el patrimoni epigr\u00e0fic m\u00e9s gran de la pen\u00ednsula Ib\u00e8rica\u00bb<\/a>.<\/p>\n<p>&nbsp;<\/p>\n<ul>\n<li>N\u00fam. 99 (17\/04\/2023). <a href=\"https:\/\/alacarta.tarragonaradio.cat\/programs\/toquem-pedra\">Investigar en tiempos de pandemia: la experiencia de un investigador internacional a caballo entre Grecia y Tarragona<\/a>. Con <a href=\"https:\/\/icac.cat\/qui-som\/personal\/iapostolou\/\">Giannis Apostolou<\/a>, investigador predoctoral del grupo GIAP del ICAC.<\/li>\n<\/ul>\n<!--[if lt IE 9]><script>document.createElement('audio');<\/script><![endif]-->\n<audio class=\"wp-audio-shortcode\" id=\"audio-21666-1\" preload=\"none\" style=\"width: 100%;\" controls=\"controls\"><source type=\"audio\/mpeg\" src=\"https:\/\/icac.cat\/wp-content\/uploads\/2023\/04\/Toquem_pedra-98_2023_04_17.mp3?_=1\" \/><a href=\"https:\/\/icac.cat\/wp-content\/uploads\/2023\/04\/Toquem_pedra-98_2023_04_17.mp3\">https:\/\/icac.cat\/wp-content\/uploads\/2023\/04\/Toquem_pedra-98_2023_04_17.mp3<\/a><\/audio>\n<p>&nbsp;<\/p>\n<hr \/>\n<h6>Temporada 2021-2022:<\/h6>\n<ul>\n<li>N\u00fam. 97 (25\/05\/2022). <a href=\"https:\/\/www.tarragonaradio.cat\/arqueobotanica-el-que-expliquen-les-llavors-antigues\/\" target=\"_blank\" rel=\"noopener\"><strong>Arqueobot\u00e1nica: lo que explican las semillas antiguas<\/strong><\/a>. Con Alexandra Livarda, investigadora Ram\u00f3n y Cajal en el grupo GIAP del ICAC.<\/li>\n<\/ul>\n<ul>\n<li>N\u00fam. 96 (19\/04\/2022). <a href=\"https:\/\/www.tarragonaradio.cat\/andreu-munoz-recull-la-historia-de-sant-fructuos\/\" target=\"_blank\" rel=\"noopener\"><strong>Andreu Mu\u00f1oz recull la hist\u00f2ria de Sant Fructu\u00f3s<\/strong><\/a>. Con el investigador adscrito al ICAC <a href=\"http:\/\/icac.cat\/es\/quienes-somos\/personal\/amunoz\/\" target=\"_blank\" rel=\"noopener\">Andreu Mu\u00f1oz Melgar<\/a> (Museo B\u00edblico Tarrconense).<\/li>\n<\/ul>\n<p><iframe loading=\"lazy\" title=\"YouTube video player\" src=\"https:\/\/www.youtube.com\/embed\/pZrGgZJryDA\" width=\"560\" height=\"315\" frameborder=\"0\" allowfullscreen=\"allowfullscreen\"><\/iframe><\/p>\n<ul>\n<li>N\u00fam. 95 (16\/03\/2022). <a href=\"https:\/\/alacarta.tarragonaradio.cat\/embed\/podcast?id=tarragonaradio_podcast_29927&amp;mid=tarragonaradio_podcast_29927_podcastmarker_3\" target=\"_blank\" rel=\"noopener\"><strong>Con los restos de animales, respondemos preguntas bestiales<\/strong><\/a>. Con el investigador predoctoral <a href=\"https:\/\/icac.cat\/qui-som\/personal\/abelgallego\/\" target=\"_blank\" rel=\"noopener\">Abel Gallego<\/a>, del equipo <a href=\"https:\/\/icac.cat\/es\/investigacion\/equipos-de-investigacion\/arqueologia-del-paisaje-giap\/\" target=\"_blank\" rel=\"noopener\">GIAP<\/a>, que est\u00e1 a punto de defender su <a href=\"https:\/\/icac.cat\/es\/difusio\/activitats-de-licac\/agenda\/lectura-de-tesi-doctoral-en-arqueozoologia-a-licac\/\" target=\"_blank\" rel=\"noopener\">tesis doctoral en el ICAC<\/a>, sobre arqueozoolog\u00eda y el estudio de las pr\u00e1cticas ganaderas en la <em>tarraconense<\/em> a partir del an\u00e1lisis del desgaste dent\u00e1reo de las ovejas.<\/li>\n<\/ul>\n<ul>\n<li>N\u00fam. 94 (16\/02\/2022). <a href=\"https:\/\/alacarta.tarragonaradio.cat\/embed\/podcast?id=tarragonaradio_podcast_29683&amp;mid=tarragonaradio_podcast_29683_podcastmarker_3\" target=\"_blank\" rel=\"noopener\"><strong>Conmemoraci\u00f3n del 11F con acciones de transferencia y divulgaci\u00f3n del conocimiento<\/strong><\/a>. Con la investigadora adscrita al equipo <a href=\"https:\/\/icac.cat\/es\/investigacion\/equipos-de-investigacion\/arqueologia-del-paisaje-giap\/\" target=\"_blank\" rel=\"noopener\">GIAP<\/a> del ICAC <a href=\"https:\/\/icac.cat\/qui-som\/personal\/mflorez_giap\/\" target=\"_blank\" rel=\"noopener\">Marta Fl\u00f3rez<\/a>, especializada en el \u00e1mbito de la transferencia social de la investigaci\u00f3n, la mediaci\u00f3n del patrimonio hist\u00f3rico-arqueol\u00f3gico y cultural, y la implementaci\u00f3n de programas de educaci\u00f3n cient\u00edfica.<\/li>\n<\/ul>\n<ul>\n<li>N\u00fam. 93 (19\/01\/2022). <a href=\"https:\/\/www.tarragonaradio.cat\/treure-de-la-foscor-el-paper-de-la-dona-en-lantiguitat\/\" target=\"_blank\" rel=\"noopener\"><strong>Sacar de la oscuridad el papel de la mujer en la antig\u00fcedad<\/strong><\/a>. Con la investigadora postdoctoral <a href=\"https:\/\/icac.cat\/qui-som\/personal\/educe\/\" target=\"_blank\" rel=\"noopener\">Elena Duce<\/a>, especializada en el estudio del mundo antiguo con perspectiva de g\u00e9nero.<\/li>\n<\/ul>\n<ul>\n<li>N\u00fam. 92 (15\/12\/2021). <a href=\"http:\/\/icac.cat\/difusio\/activitats-de-licac\/agenda\/toquem-pedra-3\/\"><strong>\u00bfC\u00f3mo era la tumba del sacerdote egipcio Imephor?<\/strong><\/a> <a href=\"https:\/\/icac.cat\/qui-som\/personal\/jpuche\/\" target=\"_blank\" rel=\"noopener\">Josep Maria Puche<\/a> nos explica su participaci\u00f3n en una expedici\u00f3n arqueol\u00f3gica de rescate (para evitar saqueos) en la peque\u00f1a necr\u00f3polis fara\u00f3nica de Kom el-Khamasin, en Egipto. Una expedici\u00f3n dirigida por un equipo de la Universidad Aut\u00f3noma de Barcelona (UAB) y el Servicio de Antig\u00fcedades del Gobierno de Egipto.<\/li>\n<\/ul>\n<ul>\n<li>N\u00fam. 91 (17\/11\/21). <a href=\"https:\/\/www.tarragonaradio.cat\/toquem-pedra-descobert-laqueducte-primitiu-que-portava-aigua-a-tarraco\/\" target=\"_blank\" rel=\"noopener\"><strong>Els aq\u00fceductes romans de T\u00e0rraco<\/strong><\/a>. Con Jordi L\u00f3pez. Investigadores del ICAC han identificado el primitivo acueducto de T\u00e1rraco, que llevaba el agua del r\u00edo Francol\u00ed sin necesidad del Pont de les Ferreres (conocido como el Puente del Diablo). As\u00ed, el n\u00famero de acueductos romanos conocidos alrededor de Tarragona ha aumentado hasta seis, en el actual proyecto que lidera el investigador Jordi L\u00f3pez Vilar y que ha sido galardonado con el <a href=\"https:\/\/icac.cat\/es\/actualitat\/noticies\/2021\/el-proyecto-icac-sobre-los-acueductos-romanos-de-tarraco-recibe-el-xi-premio-tarraco\/\" target=\"_blank\" rel=\"noopener\">XI Premio T\u00e1rraco<\/a>.<\/li>\n<\/ul>\n<ul>\n<li>N\u00fam. 90 (20\/10\/2021). <a href=\"https:\/\/alacarta.tarragonaradio.cat\/embed\/podcast?id=tarragonaradio_podcast_28717&amp;mid=tarragonaradio_podcast_28717_podcastmarker_4\" target=\"_blank\" rel=\"noopener\"><strong>Los mensajes ocultos en los m\u00e1rmoles romanos<\/strong><\/a>. Con <a href=\"https:\/\/icac.cat\/es\/quienes-somos\/personal\/dgorostidi\/\" target=\"_blank\" rel=\"noopener\">Diana Gorostidi<\/a> (URV-ICAC) y <a href=\"https:\/\/icac.cat\/es\/quienes-somos\/personal\/lgalan\/\" target=\"_blank\" rel=\"noopener\">Laura Gal\u00e1n<\/a>.<\/li>\n<\/ul>\n<p>&nbsp;<\/p>\n<hr \/>\n<h6>Temporada 2020-2021:<\/h6>\n<ul>\n<li>N\u00fam. 89 (27\/07\/2021). <a href=\"https:\/\/www.tarragonaradio.cat\/toquem-pedra-programa-especial-desde-mas-dels-frares\/\" target=\"_blank\" rel=\"noopener\"><strong>Programa especial des de Mas dels Frares<\/strong><\/a>. Con <a href=\"https:\/\/icac.cat\/qui-som\/personal\/jmmacias\/\">Josep Maria Macias<\/a>, <a href=\"https:\/\/icac.cat\/qui-som\/personal\/kfortuny\/\">Karen Fortuny<\/a> y\u00a0<a href=\"https:\/\/icac.cat\/qui-som\/personal\/frodriguez\/\">Francesc Rodr\u00edguez<\/a>, del ICAC. Y la participaci\u00f3n de Fernando Zamora, responsable del Celler de Mas dels Frares de la URV; \u00d2scar S\u00e0nchez, alcalde de Constant\u00ed; y Clara Dalmau, sumiller del Consejo Regulador de la Denominaci\u00f3n de Origen Catalunya.<\/li>\n<\/ul>\n<ul>\n<li>N\u00fam. 88 (22\/06\/2021). <a href=\"https:\/\/alacarta.tarragonaradio.cat\/embed\/podcast?id=tarragonaradio_podcast_28112&amp;mid=tarragonaradio_podcast_28112_podcastmarker_1\" target=\"_blank\" rel=\"noopener\"><strong>Acc\u00e9s obert al coneixement de l&#8217;ICAC<\/strong><\/a>. Con <a href=\"https:\/\/icac.cat\/qui-som\/personal\/lgil\/\">Lydia Gil<\/a>, responsable del Centro de Documentaci\u00f3n y Biblioteca del ICAC.<\/li>\n<\/ul>\n<ul>\n<li>N\u00fam. 87 (22\/06\/2021). <a href=\"https:\/\/www.tarragonaradio.cat\/amfores-icac-economia-passat\/\" target=\"_blank\" rel=\"noopener\"><strong>Les \u00e0mfores ens expliquen com treballaven els artesans fa milers d&#8217;anys<\/strong><\/a>. Con <a href=\"https:\/\/icac.cat\/qui-som\/personal\/obourgeon\/\">Oriane Bourgeon<\/a>, investigadora postdoctoral del equipo ArPA.<\/li>\n<\/ul>\n<ul>\n<li>N\u00fam. 86 (13\/04\/2021). <a href=\"https:\/\/www.tarragonaradio.cat\/toquem_pedra_maria_pastor_quiles_estudi_de_laarquitectura_antiga_en_arqueologia\/\" target=\"_blank\" rel=\"noopener\"><strong>L&#8217;estudi de l&#8217;arquitectura antiga en arqueologia<\/strong><\/a>. Con Mar\u00eda Pastor, investigadora postdoctoral del equipo de Arqueolog\u00eda Protohist\u00f3rica.<\/li>\n<\/ul>\n<ul>\n<li>N\u00fam. 85 (16\/03\/2021). <a href=\"https:\/\/www.tarragonaradio.cat\/toquem_pedra_zooarqueologia_amb_lidia_colominas\/\" target=\"_blank\" rel=\"noopener\"><strong>La zooarqueologia<\/strong><\/a>. Con <a href=\"https:\/\/icac.cat\/qui-som\/personal\/lcolominas\/\">L\u00eddia Colominas<\/a>, investigadora Ram\u00f3n y Cajal del equipo GIAP.<\/li>\n<\/ul>\n<ul>\n<li>N\u00fam. 84 (16\/02\/2021). <a href=\"https:\/\/www.tarragonaradio.cat\/toquem_pedra_arqueologia_subaquatica\/\" target=\"_blank\" rel=\"noopener\"><strong>Arqueologia subaqu\u00e0tica<\/strong><\/a>. Con <a href=\"https:\/\/icac.cat\/qui-som\/personal\/ecolom\/\">Enric Colom<\/a>, investigador predoctoral del equipo Aecma.<\/li>\n<\/ul>\n<ul>\n<li>N\u00fam. 83 (20\/01\/2021). <a href=\"https:\/\/www.tarragonaradio.cat\/toquem_pedra_laqueducte_del_gaia\/\" target=\"_blank\" rel=\"noopener\"><strong>L&#8217;aq\u00fceducte del Gai\u00e0<\/strong><\/a>. Con <a href=\"https:\/\/icac.cat\/qui-som\/personal\/jlopez\/\">Jordi L\u00f3pez<\/a>, investigador del equipo de Arqueolog\u00eda Cristiana y de la Antig\u00fcedad Tard\u00eda.<\/li>\n<\/ul>\n<ul>\n<li>N\u00fam. 82 (23\/12\/2020). <a href=\"https:\/\/www.tarragonaradio.cat\/toquem_pedra_concurs_odissea\/\" target=\"_blank\" rel=\"noopener\"><strong>Deu anys del concurs Odissea!<\/strong><\/a>. Con Txell Blay, presidenta de la <a href=\"http:\/\/aplec.cat\/\">Associaci\u00f3 APLEC<\/a>, y <a href=\"https:\/\/icac.cat\/qui-som\/personal\/mlerga\/\">Maura Lerga<\/a>, responsable de Comunicaci\u00f3n y Publicaciones del ICAC.<\/li>\n<\/ul>\n<ul>\n<li>N\u00fam. 81 (25\/11\/2020). <a href=\"https:\/\/www.tarragonaradio.cat\/toquem_pedra_especial_del_25n_des_de_la_placa_de_la_font_amb_licac\/\" target=\"_blank\" rel=\"noopener\"><strong>Especial 25N des de la pla\u00e7a de la Font de Tarragona<\/strong><\/a>. Con <a href=\"https:\/\/icac.cat\/qui-som\/personal\/lgil\/\">Lydia Gil<\/a> y\u00a0<a href=\"https:\/\/icac.cat\/qui-som\/personal\/mlerga\/\">Maura Lerga<\/a>, miembros del <a href=\"http:\/\/comiteigualtat.icac.cat\/\">Comit\u00e9 de Igualdad<\/a> del ICAC. En la segunda parte del programa, los investigadores <a href=\"https:\/\/icac.cat\/qui-som\/personal\/jmmacias\/\">Josep Maria Macias<\/a> y\u00a0<a href=\"https:\/\/icac.cat\/qui-som\/personal\/kfortuny\/\">Karen Fortuny<\/a> hablaron del yacimiento de Val\u00e8ncia \u201cla vella\u201d y la reciente publicaci\u00f3n sobre <a href=\"https:\/\/icac.cat\/serveis\/publicacions\/llibre\/recintos-fortificados-en-epoca-visigoda-historia-arquitectura-y-tecnica-constructiva\/\" target=\"_blank\" rel=\"noopener\">Recintos fortificados en \u00e9poca visigoda (Trama, 8)<\/a>.\u00a0 Connectaron en directo con <a href=\"https:\/\/icac.cat\/qui-som\/personal\/aribera\/\">Albert Ribera<\/a>, investigador de la Universidad de Valencia y adscrito al ICAC, y que coordina la investigaci\u00f3n en el yacimiento desde Valencia.<\/li>\n<\/ul>\n<ul>\n<li>N\u00fam. 80 (28\/10\/2020). <a href=\"https:\/\/www.tarragonaradio.cat\/toquem_pedra_nit_europea_del_patrimoni\/\" target=\"_blank\" rel=\"noopener\"><strong>Especial Nit Europea de la Recerca<\/strong><\/a>. Con Ana Gallego, coordinadora de actividades en el ICAC; Montse Carta\u00f1\u00e0<strong>,<\/strong> periodista en la Unidad de Cultura Cient\u00edfica e Innovaci\u00f3n, ComCi\u00e8ncia, de la URV; Laia Pellej\u00e0, responsable de Divulgaci\u00f3n y Formaci\u00f3n Cient\u00edfica en el ICIQ; y Maria Jos\u00e9 Guilera, de la Oficina T\u00e9cnica del IISPV.<\/li>\n<\/ul>\n<ul>\n<li>N\u00fam. 79 (30\/09\/2020). <a href=\"https:\/\/www.tarragonaradio.cat\/toquem_pedra_parlem_amb_investigadores_de_diferents_generacions_disciplines_i_procedencies\/\" target=\"_blank\" rel=\"noopener\"><strong>Investigadores de diferents generacions, disciplines i proced\u00e8ncies, treballen plegades a l&#8217;equip ArPa de l&#8217;ICAC<\/strong><\/a>. Con <a href=\"https:\/\/icac.cat\/qui-som\/personal\/agutierrez\/\">Anna Guti\u00e9rrez Garcia-Moreno<\/a>, <span lang=\"CA\" style=\"font-size: revert; color: initial;\">codirectora de la Unidad de Estudios Arqueom\u00e9tricos; <\/span><a href=\"https:\/\/www.researchgate.net\/profile\/Isabelle-Pianet-2\">Isabelle Pianet<\/a><span style=\"font-size: revert; color: initial;\">, de la Universidad de Bordeos &#8211; CNRS; <\/span><span lang=\"CA\"><a href=\"https:\/\/icac.cat\/qui-som\/personal\/sperna\/\">Simona Perna<\/a>, investigadora Marie Curie en el equipo ArPA; y <\/span><span lang=\"CA\"><a href=\"https:\/\/icac.cat\/qui-som\/personal\/lgalan\/\">Laura Gal\u00e1n<\/a>, investigadora predoctoral en el equipo ArPA.<\/span><\/li>\n<\/ul>\n<ul>\n<li>N\u00fam. 78 (26\/08\/2020). <a href=\"https:\/\/www.tarragonaradio.cat\/toquem_pedra_els_aqueductes_romans_de_tarraco\/\" target=\"_blank\" rel=\"noopener\"><strong>Els aq\u00fceductes romans de T\u00e0rraco<\/strong><\/a>. Con <a href=\"https:\/\/icac.cat\/qui-som\/personal\/jlopez\/\">Jordi L\u00f3pez<\/a>, investigador del equipo de Arqueolog\u00eda Cristiana y de la Antig\u00fcedad Tard\u00eda; y <a href=\"https:\/\/icac.cat\/qui-som\/personal\/jpuche\/\">Josep Maria Puche<\/a>, t\u00e9cnico de Tecnolog\u00edas de Documentaci\u00f3n Gr\u00e1fica en el ICAC.<\/li>\n<\/ul>\n<ul>\n<li>N\u00fam. 77 (29\/07\/2020). <a href=\"https:\/\/www.tarragonaradio.cat\/toquem_pedra_la_villa_romana_del_mas_dels_frares\/\" target=\"_blank\" rel=\"noopener\"><strong>La vil\u00b7la romana de Mas dels Frares (Constant\u00ed, Tarragona)<\/strong><\/a>. Con <a href=\"https:\/\/icac.cat\/qui-som\/personal\/jmmacias\/\">Josep Maria Macias<\/a>, <a href=\"https:\/\/icac.cat\/qui-som\/personal\/kfortuny\/\">Karen Fortuny<\/a>, <a href=\"https:\/\/icac.cat\/qui-som\/personal\/frodriguez\/\">Francesc Rodr\u00edguez<\/a> y\u00a0<a href=\"https:\/\/icac.cat\/qui-som\/personal\/alasheras\/\">Ada Lasheras<\/a>, investigadores del equip de Arqueolog\u00eda Cristiana y de la Antig\u00fcedad Tard\u00eda del ICAC.<\/li>\n<\/ul>\n<ul>\n<li>N\u00fam. 76 (26\/08\/2020). <a href=\"https:\/\/www.tarragonaradio.cat\/toquem_pedra_el_programa_amb_licac_sobre_arqueologia_classica_torna_a_tarragona_radio\/\" target=\"_blank\" rel=\"noopener\"><strong>El programa Toquem Pedra torna a la graella de Tarragona R\u00e0dio!<\/strong><\/a>. Con Josep Maria Palet, director del ICAC; y Alexandra Livarda y L\u00eddia Colominas, del equipo GIAP.<\/li>\n<\/ul>\n<p><em>Noticia relacionada:<\/em>\u00a0<a href=\"https:\/\/icac.cat\/es\/actualitat\/noticies\/2020\/tocando-piedra-vuelve-el-programa-de-divulgacion-sobre-arqueologia-clasica-en-tarragona-radio\/\" target=\"_blank\" rel=\"noopener\">\u201cTocando Piedra\u201d: vuelve el programa de divulgaci\u00f3n sobre arqueolog\u00eda cl\u00e1sica en Tarragona Radio<\/a>.<\/p>\n<p>&nbsp;<\/p>\n<hr \/>\n<h6>Temporadas anteriores:<\/h6>\n<p>&nbsp;<\/p>\n<p>&nbsp;<\/p>\n","protected":false},"excerpt":{"rendered":"<p>El programa Toquem pedra!\u00a0(\u201ctocando piedra\u201d, en catal\u00e1n) sobre arqueolog\u00eda cl\u00e1sica repite temporada en la parrilla de\u00a0Tarragona Radio. El programa se concibe como\u00a0un espacio de divulgaci\u00f3n cient\u00edfica sobre arqueolog\u00eda cl\u00e1sica a partir del conocimiento y la investigaci\u00f3n que desarrollamos en el ICAC, con especial inciso en el patrimonio hist\u00f3rico y cultural de Tarragona. Desde 2020, se [&hellip;]<\/p>\n","protected":false},"author":1,"featured_media":0,"parent":21351,"menu_order":44,"comment_status":"closed","ping_status":"closed","template":"","meta":{"_genesis_hide_title":false,"_genesis_hide_breadcrumbs":false,"_genesis_hide_singular_image":false,"_genesis_hide_footer_widgets":false,"_genesis_custom_body_class":"","_genesis_custom_post_class":"","_genesis_layout":""},"_links":{"self":[{"href":"https:\/\/icac.cat\/es\/wp-json\/wp\/v2\/pages\/21666"}],"collection":[{"href":"https:\/\/icac.cat\/es\/wp-json\/wp\/v2\/pages"}],"about":[{"href":"https:\/\/icac.cat\/es\/wp-json\/wp\/v2\/types\/page"}],"author":[{"embeddable":true,"href":"https:\/\/icac.cat\/es\/wp-json\/wp\/v2\/users\/1"}],"replies":[{"embeddable":true,"href":"https:\/\/icac.cat\/es\/wp-json\/wp\/v2\/comments?post=21666"}],"version-history":[{"count":6,"href":"https:\/\/icac.cat\/es\/wp-json\/wp\/v2\/pages\/21666\/revisions"}],"predecessor-version":[{"id":98091,"href":"https:\/\/icac.cat\/es\/wp-json\/wp\/v2\/pages\/21666\/revisions\/98091"}],"up":[{"embeddable":true,"href":"https:\/\/icac.cat\/es\/wp-json\/wp\/v2\/pages\/21351"}],"wp:attachment":[{"href":"https:\/\/icac.cat\/es\/wp-json\/wp\/v2\/media?parent=21666"}],"curies":[{"name":"wp","href":"https:\/\/api.w.org\/{rel}","templated":true}]}}